{"id":52,"date":"2018-03-15T17:39:40","date_gmt":"2018-03-15T16:39:40","guid":{"rendered":"http:\/\/lesamisdelorguedemonteux.com\/?page_id=52"},"modified":"2018-03-19T18:34:24","modified_gmt":"2018-03-19T17:34:24","slug":"les-soutiens-et-partenaires","status":"publish","type":"page","link":"https:\/\/lesamisdelorguedemonteux.com\/index.php\/les-soutiens-et-partenaires\/","title":{"rendered":"Les soutiens et partenaires"},"content":{"rendered":"<h2>UNE LARGE MOBILISATION !<\/h2>\n<p>Depuis sa cr\u00e9ation, en janvier 1990, l\u2019association des amis de l\u2019Orgue de Monteux a \u00e9t\u00e9 soutenue par de nombreux partenaires. La souscription lanc\u00e9e d\u00e8s l\u2019origine du projet de l\u2019orgue s\u2019est d\u00e9velopp\u00e9e de fa\u00e7on croissante gr\u00e2ce \u00e0 l\u2019id\u00e9e de pouvoir graver son nom sur un tuyau, associant ainsi l\u2019identit\u00e9 de chacun \u00e0 la concr\u00e9tisation de cette belle aventure : participer \u00e0 la cr\u00e9ation d\u2019un patrimoine vivant, au service tout autant de l\u2019art sacr\u00e9 que de l\u2019animation culturelle de notre ville ! Cet effort a \u00e9t\u00e9 \u00e9galement tr\u00e8s encourag\u00e9 par le soutien financier apport\u00e9 par le Conseil R\u00e9gional Provence-Alpes-C\u00f4te-D\u2019azur (25%) et le Conseil G\u00e9n\u00e9ral de Vaucluse (25%).<\/p>\n<p style=\"text-align: left;\">L\u2019association des Amis de l\u2019Orgue de Monteux remercie toutes celles et ceux qui ont cru en ce beau projet et qui de pr\u00e8s ou de loin ont contribu\u00e9 \u00e0 cette belle aventure tout en assurant sa p\u00e9rennit\u00e9. Nous vous donnons rendez-vous tout au long de l\u2019ann\u00e9e pour d\u00e9couvrir ou faire d\u00e9couvrir les Grandes Orgues de Monteux.<\/p>\n<p>&nbsp;<\/p>\n<p style=\"text-align: center;\"><img decoding=\"async\" loading=\"lazy\" class=\"wp-image-53 aligncenter\" src=\"http:\/\/lesamisdelorguedemonteux.com\/wp-content\/uploads\/2018\/03\/PACA-300x139.png\" alt=\"PACA\" width=\"173\" height=\"80\" srcset=\"https:\/\/lesamisdelorguedemonteux.com\/wp-content\/uploads\/2018\/03\/PACA-300x139.png 300w, https:\/\/lesamisdelorguedemonteux.com\/wp-content\/uploads\/2018\/03\/PACA-600x278.png 600w, https:\/\/lesamisdelorguedemonteux.com\/wp-content\/uploads\/2018\/03\/PACA-768x356.png 768w, https:\/\/lesamisdelorguedemonteux.com\/wp-content\/uploads\/2018\/03\/PACA-750x347.png 750w, https:\/\/lesamisdelorguedemonteux.com\/wp-content\/uploads\/2018\/03\/PACA.png 911w\" sizes=\"(max-width: 173px) 100vw, 173px\" \/><\/p>\n<p style=\"text-align: center;\"><strong><em>La R\u00e9gion Provence Alpes C\u00f4te d&#8217;Azur<\/em><\/strong><\/p>\n<p>&nbsp;<\/p>\n<p style=\"text-align: center;\"><img decoding=\"async\" loading=\"lazy\" class=\"wp-image-55 aligncenter\" src=\"http:\/\/lesamisdelorguedemonteux.com\/wp-content\/uploads\/2018\/03\/Vaucluse-300x100.jpg\" alt=\"Vaucluse\" width=\"219\" height=\"73\" srcset=\"https:\/\/lesamisdelorguedemonteux.com\/wp-content\/uploads\/2018\/03\/Vaucluse-300x100.jpg 300w, https:\/\/lesamisdelorguedemonteux.com\/wp-content\/uploads\/2018\/03\/Vaucluse-600x200.jpg 600w, https:\/\/lesamisdelorguedemonteux.com\/wp-content\/uploads\/2018\/03\/Vaucluse-768x256.jpg 768w, https:\/\/lesamisdelorguedemonteux.com\/wp-content\/uploads\/2018\/03\/Vaucluse-1024x342.jpg 1024w, https:\/\/lesamisdelorguedemonteux.com\/wp-content\/uploads\/2018\/03\/Vaucluse-750x250.jpg 750w, https:\/\/lesamisdelorguedemonteux.com\/wp-content\/uploads\/2018\/03\/Vaucluse.jpg 1328w\" sizes=\"(max-width: 219px) 100vw, 219px\" \/><\/p>\n<p style=\"text-align: center;\"><strong><em>Le D\u00e9partement de Vaucluse<\/em><\/strong><\/p>\n<p>&nbsp;<\/p>\n<p style=\"text-align: center;\"><img decoding=\"async\" loading=\"lazy\" class=\"wp-image-56 aligncenter\" src=\"http:\/\/lesamisdelorguedemonteux.com\/wp-content\/uploads\/2018\/03\/villedemonteux-300x220.png\" alt=\"ville de monteux\" width=\"132\" height=\"97\" srcset=\"https:\/\/lesamisdelorguedemonteux.com\/wp-content\/uploads\/2018\/03\/villedemonteux-300x220.png 300w, https:\/\/lesamisdelorguedemonteux.com\/wp-content\/uploads\/2018\/03\/villedemonteux-600x440.png 600w, https:\/\/lesamisdelorguedemonteux.com\/wp-content\/uploads\/2018\/03\/villedemonteux-768x563.png 768w, https:\/\/lesamisdelorguedemonteux.com\/wp-content\/uploads\/2018\/03\/villedemonteux-750x549.png 750w, https:\/\/lesamisdelorguedemonteux.com\/wp-content\/uploads\/2018\/03\/villedemonteux.png 800w\" sizes=\"(max-width: 132px) 100vw, 132px\" \/><\/p>\n<p style=\"text-align: center;\"><em><strong>La Ville de Monteux<\/strong><\/em><\/p>\n<p>&nbsp;<\/p>\n<p style=\"text-align: center;\"><img decoding=\"async\" loading=\"lazy\" class=\"wp-image-54 aligncenter\" src=\"http:\/\/lesamisdelorguedemonteux.com\/wp-content\/uploads\/2018\/03\/soif-300x300.png\" alt=\"soif de culture Monteux\" width=\"87\" height=\"87\" srcset=\"https:\/\/lesamisdelorguedemonteux.com\/wp-content\/uploads\/2018\/03\/soif-300x300.png 300w, https:\/\/lesamisdelorguedemonteux.com\/wp-content\/uploads\/2018\/03\/soif-100x100.png 100w, https:\/\/lesamisdelorguedemonteux.com\/wp-content\/uploads\/2018\/03\/soif-150x150.png 150w, https:\/\/lesamisdelorguedemonteux.com\/wp-content\/uploads\/2018\/03\/soif.png 545w\" sizes=\"(max-width: 87px) 100vw, 87px\" \/><\/p>\n<p style=\"text-align: center;\"><strong><em>Soif de Culture<\/em><\/strong><\/p>\n<p>&nbsp;<\/p>\n<p><img decoding=\"async\" loading=\"lazy\" class=\"wp-image-57 aligncenter\" src=\"http:\/\/lesamisdelorguedemonteux.com\/wp-content\/uploads\/2018\/03\/paroisse-300x294.png\" alt=\"paroisse Monteux\" width=\"92\" height=\"90\" srcset=\"https:\/\/lesamisdelorguedemonteux.com\/wp-content\/uploads\/2018\/03\/paroisse-300x294.png 300w, https:\/\/lesamisdelorguedemonteux.com\/wp-content\/uploads\/2018\/03\/paroisse.png 555w\" sizes=\"(max-width: 92px) 100vw, 92px\" \/><\/p>\n<p style=\"text-align: center;\"><strong><em>La paroisse Monteux-Althen<\/em><\/strong><\/p>\n<p>&nbsp;<\/p>\n<h2 style=\"text-align: center; font-size: 40px;\"><strong>MERCI !<\/strong><\/h2>\n<p>&nbsp;<\/p>\n<p>&nbsp;<\/p>\n","protected":false},"excerpt":{"rendered":"<p>UNE LARGE MOBILISATION ! Depuis sa cr\u00e9ation, en janvier 1990, l\u2019association des amis de l\u2019Orgue de Monteux a \u00e9t\u00e9 soutenue par de nombreux partenaires. La souscription lanc\u00e9e d\u00e8s l\u2019origine du projet de l\u2019orgue s\u2019est d\u00e9velopp\u00e9e de fa\u00e7on croissante gr\u00e2ce \u00e0 l\u2019id\u00e9e de pouvoir graver son nom sur un tuyau, associant ainsi l\u2019identit\u00e9 de chacun \u00e0 [&hellip;]<\/p>\n","protected":false},"author":1,"featured_media":0,"parent":0,"menu_order":0,"comment_status":"closed","ping_status":"closed","template":"template-fullwidth.php","meta":[],"_links":{"self":[{"href":"https:\/\/lesamisdelorguedemonteux.com\/index.php\/wp-json\/wp\/v2\/pages\/52"}],"collection":[{"href":"https:\/\/lesamisdelorguedemonteux.com\/index.php\/wp-json\/wp\/v2\/pages"}],"about":[{"href":"https:\/\/lesamisdelorguedemonteux.com\/index.php\/wp-json\/wp\/v2\/types\/page"}],"author":[{"embeddable":true,"href":"https:\/\/lesamisdelorguedemonteux.com\/index.php\/wp-json\/wp\/v2\/users\/1"}],"replies":[{"embeddable":true,"href":"https:\/\/lesamisdelorguedemonteux.com\/index.php\/wp-json\/wp\/v2\/comments?post=52"}],"version-history":[{"count":11,"href":"https:\/\/lesamisdelorguedemonteux.com\/index.php\/wp-json\/wp\/v2\/pages\/52\/revisions"}],"predecessor-version":[{"id":328,"href":"https:\/\/lesamisdelorguedemonteux.com\/index.php\/wp-json\/wp\/v2\/pages\/52\/revisions\/328"}],"wp:attachment":[{"href":"https:\/\/lesamisdelorguedemonteux.com\/index.php\/wp-json\/wp\/v2\/media?parent=52"}],"curies":[{"name":"wp","href":"https:\/\/api.w.org\/{rel}","templated":true}]}}