{"id":162,"date":"2018-03-15T22:15:14","date_gmt":"2018-03-15T21:15:14","guid":{"rendered":"http:\/\/lesamisdelorguedemonteux.com\/?page_id=162"},"modified":"2022-04-26T21:43:25","modified_gmt":"2022-04-26T19:43:25","slug":"lassociation","status":"publish","type":"page","link":"https:\/\/lesamisdelorguedemonteux.com\/index.php\/lassociation\/","title":{"rendered":"L&#8217;association"},"content":{"rendered":"<div style=\"display: inline-block; text-align: center; margin: 20px 34px 20px 20px;\">\n<h2 style=\"text-align: left;\"><img decoding=\"async\" loading=\"lazy\" class=\" wp-image-163 alignleft\" src=\"http:\/\/lesamisdelorguedemonteux.com\/wp-content\/uploads\/2018\/03\/1-300x300.jpg\" alt=\"Patrick Cl\u00e9ment \" width=\"165\" height=\"165\" srcset=\"https:\/\/lesamisdelorguedemonteux.com\/wp-content\/uploads\/2018\/03\/1-300x300.jpg 300w, https:\/\/lesamisdelorguedemonteux.com\/wp-content\/uploads\/2018\/03\/1-100x100.jpg 100w, https:\/\/lesamisdelorguedemonteux.com\/wp-content\/uploads\/2018\/03\/1-150x150.jpg 150w, https:\/\/lesamisdelorguedemonteux.com\/wp-content\/uploads\/2018\/03\/1.jpg 474w\" sizes=\"(max-width: 165px) 100vw, 165px\" \/>Patrick CL\u00c9MENT<\/h2>\n<blockquote><p>Pr\u00e9sident de l&#8217;association<\/p><\/blockquote>\n<\/div>\n<div style=\"display: inline-block; text-align: left; margin: 20px;\">\n<h2><img decoding=\"async\" loading=\"lazy\" class=\" wp-image-163 alignleft\" src=\"http:\/\/lesamisdelorguedemonteux.com\/wp-content\/uploads\/2018\/03\/8.jpg\" alt=\"BOURDELLES Jean-Louis \" width=\"165\" height=\"165\" \/>Jean-Louis BOURDELLES<\/h2>\n<blockquote><p>Vice-Pr\u00e9sident<\/p><\/blockquote>\n<\/div>\n<div style=\"display: inline-block; text-align: left; margin: 20px 30px 20px 20px;\">\n<h2><img decoding=\"async\" loading=\"lazy\" class=\" wp-image-163 alignleft\" src=\"http:\/\/lesamisdelorguedemonteux.com\/wp-content\/uploads\/2018\/03\/10947185_10206377308377722_877924655537896623_n.jpg\" alt=\"Camille ROUSSET\" width=\"165\" height=\"165\" \/>Camille ROUSSET<\/h2>\n<blockquote><p>Secr\u00e9taire<\/p><\/blockquote>\n<\/div>\n<div style=\"display: inline-block; text-align: left; margin: 20px;\">\n<h2><img decoding=\"async\" loading=\"lazy\" class=\" wp-image-163 alignleft\" src=\"http:\/\/lesamisdelorguedemonteux.com\/wp-content\/uploads\/2018\/03\/4bis.jpg\" alt=\"Ghislaine JEAN\" width=\"165\" height=\"165\" \/>Ghislaine JEAN<\/h2>\n<blockquote><p>Tr\u00e9sori\u00e8re<\/p><\/blockquote>\n<\/div>\n<div style=\"display: inline-block; text-align: left; margin: 20px;\">\n<h2><img decoding=\"async\" loading=\"lazy\" class=\" wp-image-163 alignleft\" src=\"http:\/\/lesamisdelorguedemonteux.com\/wp-content\/uploads\/2018\/03\/7.jpg\" alt=\"St\u00e9phane AUBERT\" width=\"165\" height=\"165\" \/>St\u00e9phane AUBERT<\/h2>\n<blockquote><p>Secr\u00e9taire-Adjoint<\/p><\/blockquote>\n<\/div>\n<p>Les membres du conseil d&#8217;administration de l&#8217;association sont :<\/p>\n<div class=\"page\" title=\"Page 2\">\n<div class=\"layoutArea\">\n<div class=\"column\">\n<ul>\n<li>M. BLANCHARD Jean-Marie (\u00e9galement\u00a0<em>VRP des Grandes Orgues de Monteux<\/em>)<\/li>\n<li>Mme BRES Lucienne<\/li>\n<li>Mme BOURDELLE Zoe<\/li>\n<li>Mme DEVAUX H\u00e9l\u00e8ne<\/li>\n<li>Mme GONNET Dani\u00e8le<\/li>\n<li>M. FREUND Daniel<\/li>\n<li>Mme MOINIER Genevi\u00e8ve<\/li>\n<li>Mme OLIVI Chantal<\/li>\n<\/ul>\n<\/div>\n<\/div>\n<\/div>\n","protected":false},"excerpt":{"rendered":"<p>Patrick CL\u00c9MENT Pr\u00e9sident de l&#8217;association Jean-Louis BOURDELLES Vice-Pr\u00e9sident Camille ROUSSET Secr\u00e9taire Ghislaine JEAN Tr\u00e9sori\u00e8re St\u00e9phane AUBERT Secr\u00e9taire-Adjoint Les membres du conseil d&#8217;administration de l&#8217;association sont : M. BLANCHARD Jean-Marie (\u00e9galement\u00a0VRP des Grandes Orgues de Monteux) Mme BRES Lucienne Mme BOURDELLE Zoe Mme DEVAUX H\u00e9l\u00e8ne Mme GONNET Dani\u00e8le M. FREUND Daniel Mme MOINIER Genevi\u00e8ve Mme OLIVI [&hellip;]<\/p>\n","protected":false},"author":1,"featured_media":0,"parent":0,"menu_order":0,"comment_status":"closed","ping_status":"closed","template":"template-fullwidth.php","meta":[],"_links":{"self":[{"href":"https:\/\/lesamisdelorguedemonteux.com\/index.php\/wp-json\/wp\/v2\/pages\/162"}],"collection":[{"href":"https:\/\/lesamisdelorguedemonteux.com\/index.php\/wp-json\/wp\/v2\/pages"}],"about":[{"href":"https:\/\/lesamisdelorguedemonteux.com\/index.php\/wp-json\/wp\/v2\/types\/page"}],"author":[{"embeddable":true,"href":"https:\/\/lesamisdelorguedemonteux.com\/index.php\/wp-json\/wp\/v2\/users\/1"}],"replies":[{"embeddable":true,"href":"https:\/\/lesamisdelorguedemonteux.com\/index.php\/wp-json\/wp\/v2\/comments?post=162"}],"version-history":[{"count":19,"href":"https:\/\/lesamisdelorguedemonteux.com\/index.php\/wp-json\/wp\/v2\/pages\/162\/revisions"}],"predecessor-version":[{"id":535,"href":"https:\/\/lesamisdelorguedemonteux.com\/index.php\/wp-json\/wp\/v2\/pages\/162\/revisions\/535"}],"wp:attachment":[{"href":"https:\/\/lesamisdelorguedemonteux.com\/index.php\/wp-json\/wp\/v2\/media?parent=162"}],"curies":[{"name":"wp","href":"https:\/\/api.w.org\/{rel}","templated":true}]}}